{"id":270,"date":"2009-03-08T19:11:30","date_gmt":"2009-03-08T18:11:30","guid":{"rendered":"http:\/\/www.becker-thilo.de\/?page_id=270"},"modified":"2010-11-25T19:25:24","modified_gmt":"2010-11-25T18:25:24","slug":"umwelt-und-naturschutz","status":"publish","type":"page","link":"https:\/\/www.becker-thilo.de\/?page_id=270","title":{"rendered":"Umwelt- und Naturschutz"},"content":{"rendered":"<p style=\"text-align: left;\">Als B\u00fcrgermeister der Verbandsgemeinde H\u00f6hr-Grenzhausen sehe ich eine gro\u00dfe Aufgabe im Umwelt- und Naturschutz. Diese \u00dcberlegungen fangen im privaten Bereich an. Es w\u00e4re unverantwortlich gegen\u00fcber unseren Kindern, sich keine Gedanken \u00fcber die Energienutzung und Energiebereitstellung der Zukunft zu machen. Bedenkt man dabei, dass der Lebenszyklus einer Heizungsanlage bei 20 &#8211; 25 Jahren liegt, wird schnell deutlich, dass die Auswahl der Technik zukunftsorientiert sein muss. Die fossilen Energietr\u00e4ger sind endlich und werden auch zuk\u00fcnftig nicht preiswerter werden.<\/p>\n<p style=\"text-align: left;\">Ich m\u00f6chte die Verbandsgemeinde H\u00f6hr-Grenzhausen gerne in einer Vorreiterrolle oder Vorbildfunktion in Sachen Umwelt- und Naturschutz sehen.<br \/>\nIm Rathaus werden derzeit durchschnittlich 81.000 kWh Strom und bei den Verbandsgemeindewerken rund 1.000.000 kWh Strom ben\u00f6tigt. Diesen Energiebezug m\u00f6chte ich reduzieren oder verwendete Energien effizienter nutzen. Keine leichte Aufgabe. So bedeutet z.B. die Reduzierung des Strombedarfs im Rathaus um rund 4 % einen &#8220;Nullverbrauch&#8221; f\u00fcr die Dauer von 2 Wochen im Jahr. Bei den Verbandsgemeindewerken muss weiterhin die Prozessoptimierung verfolgt werden, um den Energiebedarf zu reduzieren. Ein weiterer Schritt kann auch die effizientere Nutzung von Energie sein. Anlagen der Abwasserbeseitigung k\u00f6nnten mit W\u00e4rmetauschern versehen werden und W\u00e4rme an nahe Geb\u00e4ude abgeben. Der Kl\u00e4rschlamm selbst k\u00f6nnte als Biomasse verwendet und zur Energieerzeugung herangezogen werden, wenn geeignete Verfahren vorhanden sind.<br \/>\nDie Reduzierung der Energiekosten kann zu stabilen Preisen bei den Wasser- und Abwassergeb\u00fchren f\u00fchren.<br \/>\nGegen\u00fcber der Stadt und den Ortsgemeinden m\u00f6chte ich die Verbandsgemeinde als Mitinitiator bei kommunalen Projekten sehen. So k\u00f6nnte z.B. die Bereitstellung von \u00f6ffentlichen D\u00e4chern zur Erzeugung von Solarstrom dienen.<\/p>\n<p style=\"text-align: left;\">Nat\u00fcrlich ist es wichtig, bei allen Umwelt- und Naturschutzgedanken eine Abw\u00e4gung zwischen \u00d6kologie und \u00d6konomie vorzunehmen. Umweltschutz muss auch bezahlbar sein. Die Kommunen als Handelnde vor Ort geh\u00f6ren mit zur Zielgruppe vielf\u00e4ltiger F\u00f6rderprogramme von Bund und Land, die es zu nutzen gilt.<\/p>\n","protected":false},"excerpt":{"rendered":"<p>Als B\u00fcrgermeister der Verbandsgemeinde H\u00f6hr-Grenzhausen sehe ich eine gro\u00dfe Aufgabe im Umwelt- und Naturschutz. Diese \u00dcberlegungen fangen im privaten Bereich an. Es w\u00e4re&hellip;<\/p>\n","protected":false},"author":3,"featured_media":0,"parent":9,"menu_order":6,"comment_status":"closed","ping_status":"closed","template":"special.php","meta":{"spay_email":"","footnotes":""},"class_list":["post-270","page","type-page","status-publish","hentry"],"_links":{"self":[{"href":"https:\/\/www.becker-thilo.de\/index.php?rest_route=\/wp\/v2\/pages\/270","targetHints":{"allow":["GET"]}}],"collection":[{"href":"https:\/\/www.becker-thilo.de\/index.php?rest_route=\/wp\/v2\/pages"}],"about":[{"href":"https:\/\/www.becker-thilo.de\/index.php?rest_route=\/wp\/v2\/types\/page"}],"author":[{"embeddable":true,"href":"https:\/\/www.becker-thilo.de\/index.php?rest_route=\/wp\/v2\/users\/3"}],"replies":[{"embeddable":true,"href":"https:\/\/www.becker-thilo.de\/index.php?rest_route=%2Fwp%2Fv2%2Fcomments&post=270"}],"version-history":[{"count":0,"href":"https:\/\/www.becker-thilo.de\/index.php?rest_route=\/wp\/v2\/pages\/270\/revisions"}],"up":[{"embeddable":true,"href":"https:\/\/www.becker-thilo.de\/index.php?rest_route=\/wp\/v2\/pages\/9"}],"wp:attachment":[{"href":"https:\/\/www.becker-thilo.de\/index.php?rest_route=%2Fwp%2Fv2%2Fmedia&parent=270"}],"curies":[{"name":"wp","href":"https:\/\/api.w.org\/{rel}","templated":true}]}}